{"id":3182,"date":"2023-10-16T14:18:55","date_gmt":"2023-10-16T12:18:55","guid":{"rendered":"https:\/\/ecologforestry.com\/?post_type=kundreferens&#038;p=3182"},"modified":"2023-10-16T14:19:01","modified_gmt":"2023-10-16T12:19:01","slug":"eco-log-halsar-pa-anders-larssons-skogsentreprenad","status":"publish","type":"kundreferens","link":"https:\/\/ecologforestry.com\/sv\/kundreferens\/eco-log-halsar-pa-anders-larssons-skogsentreprenad\/","title":{"rendered":"Eco Log h\u00e4lsar p\u00e5 &#8211; Anders Larssons Skogsentreprenad"},"content":{"rendered":"\n<p>Sedan ett \u00e5r tillbaka driver Frida Larsson och Patrik Bodin det v\u00e4letablerade familjef\u00f6retaget Anders Larssons Skogsentreprenad i H\u00e4lsingland. F\u00f6r Frida och Patrik har det g\u00e5ngna \u00e5ret varit h\u00e4ndelserikt p\u00e5 flera s\u00e4tt, d\u00e5 de f\u00f6rutom att ta \u00f6ver familjeverksamheten ocks\u00e5 blivit f\u00f6r\u00e4ldrar till gemensamma sonen Theo. F\u00f6r Frida, vars f\u00f6r\u00e4ldrar drivit f\u00f6retaget i \u00f6ver trettio \u00e5r, betyder det mycket att kunna bevara familjens verksamhet.<\/p>\n\n\n\n<p><em>&#8211; Det k\u00e4nns v\u00e4ldigt roligt, speciellt eftersom det inte alltid \u00e4r en sj\u00e4lvklarhet att gamla familjef\u00f6retag kan leva vidare p\u00e5 det h\u00e4r s\u00e4ttet \u00e4ven om de flesta s\u00e4kert skulle \u00f6nska det. Jag har ju alltid haft ett naturligt intresse f\u00f6r jord och skog och \u00e4r utbildad lantm\u00e4stare och har d\u00e4rf\u00f6r varit mer p\u00e5 lantbrukssidan. Patrik d\u00e4remot har erfarenhet fr\u00e5n att driva liknande verksamhet tidigare. S\u00e5 det k\u00e4nns som att vi utg\u00f6r en bra kombo, s\u00e4ger Frida.<\/em><\/p>\n\n\n\n<p>Idag \u00e4ger de tv\u00e5 sk\u00f6rdare fr\u00e5n Eco Log, en 550 och en 590 och \u00e4ven i Patriks tidigare f\u00f6retag var det Eco Logs sk\u00f6rdare som ingick i maskinparken. Anledningarna till att valet har fallit p\u00e5 just Eco Log \u00e4r flera, d\u00e4r stabiliteten, styrkan och den h\u00f6ga produktiviteten \u00e4r viktiga faktorer. Framf\u00f6r allt uppskattar s\u00e5v\u00e4l Patrik som Frida den goda kontakten de har med Eco Log som f\u00f6retag samt n\u00e4rheten till bra service.<\/p>\n\n\n\n<p><em>&#8211; Det \u00e4r bra folk p\u00e5 Eco Log, b\u00e5de f\u00f6rs\u00e4ljare och de som arbetar p\u00e5 serviceverkstaden. Det k\u00e4nns familj\u00e4rt, s\u00e4ger Patrik.<\/em><\/p>\n\n\n\n<p><em>&#8211; Ja, vi har bra kontakt med dem och det k\u00e4nns som att de alltid g\u00f6r vad de kan f\u00f6r att hj\u00e4lpa till, fyller Frida i.<\/em><\/p>\n\n\n\n<p>Totalt har f\u00f6retaget nio anst\u00e4llda som arbetar i skogen och ytterligare en i verkstaden. Maskinerna g\u00e5r i skift i s\u00e5v\u00e4l slutavverkning som gallring och sj\u00e4lv k\u00f6r Patrik 590:n till vardags och betyget till sk\u00f6rdaren \u00e4r gott.<\/p>\n\n\n\n<p><em>&#8211; De \u00e4r grymma, Eco Logs sk\u00f6rdare, avslutar Patrik kort och gott.<\/em><\/p>\n\n\n\n<p><strong>\u00a0Se filmen fr\u00e5n bes\u00f6ket h\u00e4r:<\/strong><\/p>\n\n\n\n<figure class=\"wp-block-embed is-type-video is-provider-youtube wp-block-embed-youtube wp-embed-aspect-16-9 wp-has-aspect-ratio\"><div class=\"wp-block-embed__wrapper\">\n<iframe title=\"Eco Log h\u00e4lsar p\u00e5 Anders Larssons Skogsentreprenad\" width=\"800\" height=\"450\" src=\"https:\/\/www.youtube.com\/embed\/ydTNzPRWZmE?feature=oembed\" frameborder=\"0\" allow=\"accelerometer; autoplay; clipboard-write; encrypted-media; gyroscope; picture-in-picture; web-share\" allowfullscreen><\/iframe>\n<\/div><\/figure>\n","protected":false},"menu_order":0,"template":"","meta":{"_acf_changed":false},"class_list":["post-3182","kundreferens","type-kundreferens","status-publish","hentry"],"acf":[],"_links":{"self":[{"href":"https:\/\/ecologforestry.com\/sv\/wp-json\/wp\/v2\/kundreferens\/3182","targetHints":{"allow":["GET"]}}],"collection":[{"href":"https:\/\/ecologforestry.com\/sv\/wp-json\/wp\/v2\/kundreferens"}],"about":[{"href":"https:\/\/ecologforestry.com\/sv\/wp-json\/wp\/v2\/types\/kundreferens"}],"wp:attachment":[{"href":"https:\/\/ecologforestry.com\/sv\/wp-json\/wp\/v2\/media?parent=3182"}],"curies":[{"name":"wp","href":"https:\/\/api.w.org\/{rel}","templated":true}]}}